{"id":21451,"date":"2019-12-17T20:45:51","date_gmt":"2019-12-17T19:45:51","guid":{"rendered":"http:\/\/alboreaflamenco.com\/clases-de-flamenco-en-granada\/"},"modified":"2020-03-09T09:12:19","modified_gmt":"2020-03-09T08:12:19","slug":"cours-flamenco-grenade","status":"publish","type":"page","link":"https:\/\/alboreaflamenco.com\/fr\/cours-flamenco-grenade\/","title":{"rendered":"cours"},"content":{"rendered":"\t\t<div data-elementor-type=\"wp-post\" data-elementor-id=\"21451\" class=\"elementor elementor-21451 elementor-21230\" data-elementor-post-type=\"page\">\n\t\t\t\t\t\t<section class=\"elementor-section elementor-top-section elementor-element elementor-element-dlqkvtf elementor-section-boxed elementor-section-height-default elementor-section-height-default\" data-id=\"dlqkvtf\" data-element_type=\"section\" data-settings=\"{&quot;background_background&quot;:&quot;classic&quot;}\">\n\t\t\t\t\t\t\t<div class=\"elementor-background-overlay\"><\/div>\n\t\t\t\t\t\t\t<div class=\"elementor-container elementor-column-gap-wider\">\n\t\t\t\t\t<div class=\"elementor-column elementor-col-100 elementor-top-column elementor-element elementor-element-mjqseux\" data-id=\"mjqseux\" data-element_type=\"column\">\n\t\t\t<div class=\"elementor-widget-wrap elementor-element-populated\">\n\t\t\t\t\t\t<div class=\"elementor-element elementor-element-jswtsck elementor-widget elementor-widget-spacer\" data-id=\"jswtsck\" data-element_type=\"widget\" data-widget_type=\"spacer.default\">\n\t\t\t\t<div class=\"elementor-widget-container\">\n\t\t\t\t\t\t\t<div class=\"elementor-spacer\">\n\t\t\t<div class=\"elementor-spacer-inner\"><\/div>\n\t\t<\/div>\n\t\t\t\t\t\t<\/div>\n\t\t\t\t<\/div>\n\t\t\t\t<div class=\"elementor-element elementor-element-oikyzxq elementor-widget elementor-widget-heading\" data-id=\"oikyzxq\" data-element_type=\"widget\" data-widget_type=\"heading.default\">\n\t\t\t\t<div class=\"elementor-widget-container\">\n\t\t\t\t\t<h1 class=\"elementor-heading-title elementor-size-default\">cours de<br>flamenco.<\/h1>\t\t\t\t<\/div>\n\t\t\t\t<\/div>\n\t\t\t\t<div class=\"elementor-element elementor-element-abrqfew elementor-widget elementor-widget-spacer\" data-id=\"abrqfew\" data-element_type=\"widget\" data-widget_type=\"spacer.default\">\n\t\t\t\t<div class=\"elementor-widget-container\">\n\t\t\t\t\t\t\t<div class=\"elementor-spacer\">\n\t\t\t<div class=\"elementor-spacer-inner\"><\/div>\n\t\t<\/div>\n\t\t\t\t\t\t<\/div>\n\t\t\t\t<\/div>\n\t\t\t\t\t<\/div>\n\t\t<\/div>\n\t\t\t\t\t<\/div>\n\t\t<\/section>\n\t\t\t\t<section class=\"elementor-section elementor-top-section elementor-element elementor-element-b2c83fc elementor-section-boxed elementor-section-height-default elementor-section-height-default\" data-id=\"b2c83fc\" data-element_type=\"section\" data-settings=\"{&quot;background_background&quot;:&quot;classic&quot;}\">\n\t\t\t\t\t\t<div class=\"elementor-container elementor-column-gap-default\">\n\t\t\t\t\t<div class=\"elementor-column elementor-col-66 elementor-top-column elementor-element elementor-element-2f663df\" data-id=\"2f663df\" data-element_type=\"column\">\n\t\t\t<div class=\"elementor-widget-wrap elementor-element-populated\">\n\t\t\t\t\t\t<div class=\"elementor-element elementor-element-1d9c8af7 elementor-widget elementor-widget-heading\" data-id=\"1d9c8af7\" data-element_type=\"widget\" data-widget_type=\"heading.default\">\n\t\t\t\t<div class=\"elementor-widget-container\">\n\t\t\t\t\t<h4 class=\"elementor-heading-title elementor-size-default\">Cours de flamenco \u00e0 Grenade<\/h4>\t\t\t\t<\/div>\n\t\t\t\t<\/div>\n\t\t\t\t<div class=\"elementor-element elementor-element-6cf6a5f8 elementor-widget elementor-widget-text-editor\" data-id=\"6cf6a5f8\" data-element_type=\"widget\" data-widget_type=\"text-editor.default\">\n\t\t\t\t<div class=\"elementor-widget-container\">\n\t\t\t\t\t\t\t\t\t<p>Nous offrons nos nouvelles le\u00e7ons de flamenco, o\u00f9 vous pouvez apprendre les diff\u00e9rents styles de flamenco de la main de nos artistes de tablao.<\/p>\n<p>Vous pouvez jouer notre guitare espagnole typique et sp\u00e9ciale dans le style des plus grands guitaristes.<\/p>\n<p>Accompagnez-les avec des cours de percussions approfondissant le toucher du flamenco caj\u00f3n.<\/p>\n<p>Vous aurez l&rsquo;apprentissage des diff\u00e9rents styles de chant flamenco avec des cantaores et des cantaoras renomm\u00e9s comme professeurs.<\/p>\n<p>Et l&rsquo;enseignement de la danse flamenco avec des danseurs et bailaores professionnels et internationaux.<\/p>\n<p>Pour plus d&rsquo;information,\u00a0 C\/ Pan, n\u00ba 3 Granada (Espagne)<br \/>\nou via notre mobile +34 664 362 540.<\/p>\n\t\t\t\t\t\t\t\t<\/div>\n\t\t\t\t<\/div>\n\t\t\t\t\t<\/div>\n\t\t<\/div>\n\t\t\t\t<div class=\"elementor-column elementor-col-33 elementor-top-column elementor-element elementor-element-9df20d1\" data-id=\"9df20d1\" data-element_type=\"column\">\n\t\t\t<div class=\"elementor-widget-wrap elementor-element-populated\">\n\t\t\t\t\t\t<div class=\"elementor-element elementor-element-342b210 elementor-widget elementor-widget-image\" data-id=\"342b210\" data-element_type=\"widget\" data-widget_type=\"image.default\">\n\t\t\t\t<div class=\"elementor-widget-container\">\n\t\t\t\t\t\t\t\t\t\t\t\t\t\t\t<img fetchpriority=\"high\" decoding=\"async\" width=\"1066\" height=\"1600\" src=\"https:\/\/alboreaflamenco.com\/wp-content\/uploads\/2018\/05\/WhatsApp-Image-2018-05-09-at-12.15.43.jpeg\" class=\"attachment-full size-full wp-image-16796\" alt=\"\" srcset=\"https:\/\/alboreaflamenco.com\/wp-content\/uploads\/2018\/05\/WhatsApp-Image-2018-05-09-at-12.15.43.jpeg 1066w, https:\/\/alboreaflamenco.com\/wp-content\/uploads\/2018\/05\/WhatsApp-Image-2018-05-09-at-12.15.43-600x901.jpeg 600w, https:\/\/alboreaflamenco.com\/wp-content\/uploads\/2018\/05\/WhatsApp-Image-2018-05-09-at-12.15.43-200x300.jpeg 200w, https:\/\/alboreaflamenco.com\/wp-content\/uploads\/2018\/05\/WhatsApp-Image-2018-05-09-at-12.15.43-768x1153.jpeg 768w, https:\/\/alboreaflamenco.com\/wp-content\/uploads\/2018\/05\/WhatsApp-Image-2018-05-09-at-12.15.43-682x1024.jpeg 682w\" sizes=\"(max-width: 1066px) 100vw, 1066px\" \/>\t\t\t\t\t\t\t\t\t\t\t\t\t\t\t<\/div>\n\t\t\t\t<\/div>\n\t\t\t\t\t<\/div>\n\t\t<\/div>\n\t\t\t\t\t<\/div>\n\t\t<\/section>\n\t\t\t\t<\/div>\n\t\t","protected":false},"excerpt":{"rendered":"<p>cours deflamenco. Cours de flamenco \u00e0 Grenade Nous offrons nos nouvelles le\u00e7ons de flamenco, o\u00f9 vous pouvez apprendre les diff\u00e9rents styles de flamenco de la main de nos artistes de tablao. Vous pouvez jouer notre guitare espagnole typique et sp\u00e9ciale dans le style des plus grands guitaristes. Accompagnez-les avec des cours de percussions approfondissant le &hellip;<\/p>\n<p class=\"read-more\"> <a class=\"ast-button\" href=\"https:\/\/alboreaflamenco.com\/fr\/cours-flamenco-grenade\/\"> <span class=\"screen-reader-text\">cours<\/span> Lire la suite \u00bb<\/a><\/p>\n","protected":false},"author":8,"featured_media":0,"parent":0,"menu_order":0,"comment_status":"closed","ping_status":"closed","template":"","meta":{"_joinchat":[],"footnotes":""},"class_list":["post-21451","page","type-page","status-publish","hentry"],"yoast_head":"<!-- This site is optimized with the Yoast SEO Premium plugin v25.1 (Yoast SEO v26.2) - https:\/\/yoast.com\/wordpress\/plugins\/seo\/ -->\n<title>Cours de flamenco \u00e0 Grenade | Apprendre flamenco<\/title>\n<meta name=\"description\" content=\"Les meilleurs professionnels enseignent des cours pour apprendre \u00e0 jouer les diff\u00e9rents styles de flamenco: guitare, chant, danse, bo\u00eete de flamenco.\" \/>\n<meta name=\"robots\" content=\"index, follow, max-snippet:-1, max-image-preview:large, max-video-preview:-1\" \/>\n<link rel=\"canonical\" href=\"https:\/\/alboreaflamenco.com\/fr\/cours-flamenco-grenade\/\" \/>\n<meta property=\"og:locale\" content=\"fr_FR\" \/>\n<meta property=\"og:type\" content=\"article\" \/>\n<meta property=\"og:title\" content=\"cours\" \/>\n<meta property=\"og:description\" content=\"Les meilleurs professionnels enseignent des cours pour apprendre \u00e0 jouer les diff\u00e9rents styles de flamenco: guitare, chant, danse, bo\u00eete de flamenco.\" \/>\n<meta property=\"og:url\" content=\"https:\/\/alboreaflamenco.com\/fr\/cours-flamenco-grenade\/\" \/>\n<meta property=\"og:site_name\" content=\"La Albore\u00e1\" \/>\n<meta property=\"article:publisher\" content=\"https:\/\/www.facebook.com\/LaAlboreA\" \/>\n<meta property=\"article:modified_time\" content=\"2020-03-09T08:12:19+00:00\" \/>\n<meta property=\"og:image\" content=\"http:\/\/alboreaflamenco.com\/wp-content\/uploads\/2018\/05\/WhatsApp-Image-2018-05-09-at-12.15.43-e1527610782136.jpeg\" \/>\n<meta name=\"twitter:card\" content=\"summary_large_image\" \/>\n<meta name=\"twitter:site\" content=\"@laalborea\" \/>\n<meta name=\"twitter:label1\" content=\"Dur\u00e9e de lecture estim\u00e9e\" \/>\n\t<meta name=\"twitter:data1\" content=\"1 minute\" \/>\n<script type=\"application\/ld+json\" class=\"yoast-schema-graph\">{\"@context\":\"https:\/\/schema.org\",\"@graph\":[{\"@type\":\"WebPage\",\"@id\":\"https:\/\/alboreaflamenco.com\/fr\/cours-flamenco-grenade\/\",\"url\":\"https:\/\/alboreaflamenco.com\/fr\/cours-flamenco-grenade\/\",\"name\":\"Cours de flamenco \u00e0 Grenade | Apprendre flamenco\",\"isPartOf\":{\"@id\":\"https:\/\/alboreaflamenco.com\/fr\/#website\"},\"primaryImageOfPage\":{\"@id\":\"https:\/\/alboreaflamenco.com\/fr\/cours-flamenco-grenade\/#primaryimage\"},\"image\":{\"@id\":\"https:\/\/alboreaflamenco.com\/fr\/cours-flamenco-grenade\/#primaryimage\"},\"thumbnailUrl\":\"http:\/\/alboreaflamenco.com\/wp-content\/uploads\/2018\/05\/WhatsApp-Image-2018-05-09-at-12.15.43-e1527610782136.jpeg\",\"datePublished\":\"2019-12-17T19:45:51+00:00\",\"dateModified\":\"2020-03-09T08:12:19+00:00\",\"description\":\"Les meilleurs professionnels enseignent des cours pour apprendre \u00e0 jouer les diff\u00e9rents styles de flamenco: guitare, chant, danse, bo\u00eete de flamenco.\",\"breadcrumb\":{\"@id\":\"https:\/\/alboreaflamenco.com\/fr\/cours-flamenco-grenade\/#breadcrumb\"},\"inLanguage\":\"fr-FR\",\"potentialAction\":[{\"@type\":\"ReadAction\",\"target\":[\"https:\/\/alboreaflamenco.com\/fr\/cours-flamenco-grenade\/\"]}]},{\"@type\":\"ImageObject\",\"inLanguage\":\"fr-FR\",\"@id\":\"https:\/\/alboreaflamenco.com\/fr\/cours-flamenco-grenade\/#primaryimage\",\"url\":\"http:\/\/alboreaflamenco.com\/wp-content\/uploads\/2018\/05\/WhatsApp-Image-2018-05-09-at-12.15.43-e1527610782136.jpeg\",\"contentUrl\":\"http:\/\/alboreaflamenco.com\/wp-content\/uploads\/2018\/05\/WhatsApp-Image-2018-05-09-at-12.15.43-e1527610782136.jpeg\"},{\"@type\":\"BreadcrumbList\",\"@id\":\"https:\/\/alboreaflamenco.com\/fr\/cours-flamenco-grenade\/#breadcrumb\",\"itemListElement\":[{\"@type\":\"ListItem\",\"position\":1,\"name\":\"Portada\",\"item\":\"https:\/\/alboreaflamenco.com\/fr\/\"},{\"@type\":\"ListItem\",\"position\":2,\"name\":\"cours\"}]},{\"@type\":\"WebSite\",\"@id\":\"https:\/\/alboreaflamenco.com\/fr\/#website\",\"url\":\"https:\/\/alboreaflamenco.com\/fr\/\",\"name\":\"La Albore\u00e1 Flamenco Granada\",\"description\":\"Tablao Flamenco Granada\",\"publisher\":{\"@id\":\"https:\/\/alboreaflamenco.com\/fr\/#organization\"},\"alternateName\":\"Tablao Flamenco La Albore\u00e1\",\"potentialAction\":[{\"@type\":\"SearchAction\",\"target\":{\"@type\":\"EntryPoint\",\"urlTemplate\":\"https:\/\/alboreaflamenco.com\/fr\/?s={search_term_string}\"},\"query-input\":{\"@type\":\"PropertyValueSpecification\",\"valueRequired\":true,\"valueName\":\"search_term_string\"}}],\"inLanguage\":\"fr-FR\"},{\"@type\":\"Organization\",\"@id\":\"https:\/\/alboreaflamenco.com\/fr\/#organization\",\"name\":\"La Albore\u00e1 Flamenco Granada\",\"alternateName\":\"Tablao Flamenco La Albore\u00e1\",\"url\":\"https:\/\/alboreaflamenco.com\/fr\/\",\"logo\":{\"@type\":\"ImageObject\",\"inLanguage\":\"fr-FR\",\"@id\":\"https:\/\/alboreaflamenco.com\/fr\/#\/schema\/logo\/image\/\",\"url\":\"https:\/\/alboreaflamenco.com\/wp-content\/uploads\/2020\/03\/logo-tablao-alborea-2020.png\",\"contentUrl\":\"https:\/\/alboreaflamenco.com\/wp-content\/uploads\/2020\/03\/logo-tablao-alborea-2020.png\",\"width\":1600,\"height\":878,\"caption\":\"La Albore\u00e1 Flamenco Granada\"},\"image\":{\"@id\":\"https:\/\/alboreaflamenco.com\/fr\/#\/schema\/logo\/image\/\"},\"sameAs\":[\"https:\/\/www.facebook.com\/LaAlboreA\",\"https:\/\/x.com\/laalborea\",\"https:\/\/www.instagram.com\/alboreaflamenco\/\"]}]}<\/script>\n<!-- \/ Yoast SEO Premium plugin. -->","yoast_head_json":{"title":"Cours de flamenco \u00e0 Grenade | Apprendre flamenco","description":"Les meilleurs professionnels enseignent des cours pour apprendre \u00e0 jouer les diff\u00e9rents styles de flamenco: guitare, chant, danse, bo\u00eete de flamenco.","robots":{"index":"index","follow":"follow","max-snippet":"max-snippet:-1","max-image-preview":"max-image-preview:large","max-video-preview":"max-video-preview:-1"},"canonical":"https:\/\/alboreaflamenco.com\/fr\/cours-flamenco-grenade\/","og_locale":"fr_FR","og_type":"article","og_title":"cours","og_description":"Les meilleurs professionnels enseignent des cours pour apprendre \u00e0 jouer les diff\u00e9rents styles de flamenco: guitare, chant, danse, bo\u00eete de flamenco.","og_url":"https:\/\/alboreaflamenco.com\/fr\/cours-flamenco-grenade\/","og_site_name":"La Albore\u00e1","article_publisher":"https:\/\/www.facebook.com\/LaAlboreA","article_modified_time":"2020-03-09T08:12:19+00:00","og_image":[{"url":"http:\/\/alboreaflamenco.com\/wp-content\/uploads\/2018\/05\/WhatsApp-Image-2018-05-09-at-12.15.43-e1527610782136.jpeg","type":"","width":"","height":""}],"twitter_card":"summary_large_image","twitter_site":"@laalborea","twitter_misc":{"Dur\u00e9e de lecture estim\u00e9e":"1 minute"},"schema":{"@context":"https:\/\/schema.org","@graph":[{"@type":"WebPage","@id":"https:\/\/alboreaflamenco.com\/fr\/cours-flamenco-grenade\/","url":"https:\/\/alboreaflamenco.com\/fr\/cours-flamenco-grenade\/","name":"Cours de flamenco \u00e0 Grenade | Apprendre flamenco","isPartOf":{"@id":"https:\/\/alboreaflamenco.com\/fr\/#website"},"primaryImageOfPage":{"@id":"https:\/\/alboreaflamenco.com\/fr\/cours-flamenco-grenade\/#primaryimage"},"image":{"@id":"https:\/\/alboreaflamenco.com\/fr\/cours-flamenco-grenade\/#primaryimage"},"thumbnailUrl":"http:\/\/alboreaflamenco.com\/wp-content\/uploads\/2018\/05\/WhatsApp-Image-2018-05-09-at-12.15.43-e1527610782136.jpeg","datePublished":"2019-12-17T19:45:51+00:00","dateModified":"2020-03-09T08:12:19+00:00","description":"Les meilleurs professionnels enseignent des cours pour apprendre \u00e0 jouer les diff\u00e9rents styles de flamenco: guitare, chant, danse, bo\u00eete de flamenco.","breadcrumb":{"@id":"https:\/\/alboreaflamenco.com\/fr\/cours-flamenco-grenade\/#breadcrumb"},"inLanguage":"fr-FR","potentialAction":[{"@type":"ReadAction","target":["https:\/\/alboreaflamenco.com\/fr\/cours-flamenco-grenade\/"]}]},{"@type":"ImageObject","inLanguage":"fr-FR","@id":"https:\/\/alboreaflamenco.com\/fr\/cours-flamenco-grenade\/#primaryimage","url":"http:\/\/alboreaflamenco.com\/wp-content\/uploads\/2018\/05\/WhatsApp-Image-2018-05-09-at-12.15.43-e1527610782136.jpeg","contentUrl":"http:\/\/alboreaflamenco.com\/wp-content\/uploads\/2018\/05\/WhatsApp-Image-2018-05-09-at-12.15.43-e1527610782136.jpeg"},{"@type":"BreadcrumbList","@id":"https:\/\/alboreaflamenco.com\/fr\/cours-flamenco-grenade\/#breadcrumb","itemListElement":[{"@type":"ListItem","position":1,"name":"Portada","item":"https:\/\/alboreaflamenco.com\/fr\/"},{"@type":"ListItem","position":2,"name":"cours"}]},{"@type":"WebSite","@id":"https:\/\/alboreaflamenco.com\/fr\/#website","url":"https:\/\/alboreaflamenco.com\/fr\/","name":"La Albore\u00e1 Flamenco Granada","description":"Tablao Flamenco Granada","publisher":{"@id":"https:\/\/alboreaflamenco.com\/fr\/#organization"},"alternateName":"Tablao Flamenco La Albore\u00e1","potentialAction":[{"@type":"SearchAction","target":{"@type":"EntryPoint","urlTemplate":"https:\/\/alboreaflamenco.com\/fr\/?s={search_term_string}"},"query-input":{"@type":"PropertyValueSpecification","valueRequired":true,"valueName":"search_term_string"}}],"inLanguage":"fr-FR"},{"@type":"Organization","@id":"https:\/\/alboreaflamenco.com\/fr\/#organization","name":"La Albore\u00e1 Flamenco Granada","alternateName":"Tablao Flamenco La Albore\u00e1","url":"https:\/\/alboreaflamenco.com\/fr\/","logo":{"@type":"ImageObject","inLanguage":"fr-FR","@id":"https:\/\/alboreaflamenco.com\/fr\/#\/schema\/logo\/image\/","url":"https:\/\/alboreaflamenco.com\/wp-content\/uploads\/2020\/03\/logo-tablao-alborea-2020.png","contentUrl":"https:\/\/alboreaflamenco.com\/wp-content\/uploads\/2020\/03\/logo-tablao-alborea-2020.png","width":1600,"height":878,"caption":"La Albore\u00e1 Flamenco Granada"},"image":{"@id":"https:\/\/alboreaflamenco.com\/fr\/#\/schema\/logo\/image\/"},"sameAs":["https:\/\/www.facebook.com\/LaAlboreA","https:\/\/x.com\/laalborea","https:\/\/www.instagram.com\/alboreaflamenco\/"]}]}},"_links":{"self":[{"href":"https:\/\/alboreaflamenco.com\/fr\/wp-json\/wp\/v2\/pages\/21451","targetHints":{"allow":["GET"]}}],"collection":[{"href":"https:\/\/alboreaflamenco.com\/fr\/wp-json\/wp\/v2\/pages"}],"about":[{"href":"https:\/\/alboreaflamenco.com\/fr\/wp-json\/wp\/v2\/types\/page"}],"author":[{"embeddable":true,"href":"https:\/\/alboreaflamenco.com\/fr\/wp-json\/wp\/v2\/users\/8"}],"replies":[{"embeddable":true,"href":"https:\/\/alboreaflamenco.com\/fr\/wp-json\/wp\/v2\/comments?post=21451"}],"version-history":[{"count":0,"href":"https:\/\/alboreaflamenco.com\/fr\/wp-json\/wp\/v2\/pages\/21451\/revisions"}],"wp:attachment":[{"href":"https:\/\/alboreaflamenco.com\/fr\/wp-json\/wp\/v2\/media?parent=21451"}],"curies":[{"name":"wp","href":"https:\/\/api.w.org\/{rel}","templated":true}]}}